{"id":9,"date":"2023-07-28T17:26:33","date_gmt":"2023-07-28T15:26:33","guid":{"rendered":"https:\/\/magnottdevlab.net\/alpesmaritimes\/?page_id=9"},"modified":"2023-08-01T21:51:23","modified_gmt":"2023-08-01T19:51:23","slug":"histoire-patrimoine-art-et-culture-du-06","status":"publish","type":"page","link":"https:\/\/magnottdevlab.net\/alpesmaritimes\/index.php\/histoire-patrimoine-art-et-culture-du-06\/","title":{"rendered":"Art et Culture"},"content":{"rendered":"\n<p><strong>D\u00e9couvrez les Alpes-Maritimes, son histoire et son patrimoine  sous toutes ses facettes, plongez dans son pass\u00e9 fascinant, explorez ses tr\u00e9sors patrimoniaux et vibrez au rythme de son effervescence artistique. Cette section vous offre une perspective compl\u00e8te de l&rsquo;histoire et de la richesse culturelle de notre d\u00e9partement.&nbsp;<\/strong><\/p>\n\n\n\n<div style=\"height:100px\" aria-hidden=\"true\" class=\"wp-block-spacer\"><\/div>\n\n\n<div class=\"wp-block-image\">\n<figure class=\"aligncenter size-full\"><img decoding=\"async\" loading=\"lazy\" width=\"748\" height=\"221\" src=\"https:\/\/magnottdevlab.net\/alpesmaritimes\/wp-content\/uploads\/2023\/07\/1579105834341.jpg\" alt=\"\" class=\"wp-image-125\" srcset=\"https:\/\/magnottdevlab.net\/alpesmaritimes\/wp-content\/uploads\/2023\/07\/1579105834341.jpg 748w, https:\/\/magnottdevlab.net\/alpesmaritimes\/wp-content\/uploads\/2023\/07\/1579105834341-300x89.jpg 300w\" sizes=\"(max-width: 748px) 100vw, 748px\" \/><\/figure><\/div>\n\n\n<div style=\"height:100px\" aria-hidden=\"true\" class=\"wp-block-spacer\"><\/div>\n\n\n\n<p style=\"font-size:25px\"><strong>Histoire du 06 :&nbsp;<\/strong><\/p>\n\n\n\n<div style=\"height:100px\" aria-hidden=\"true\" class=\"wp-block-spacer\"><\/div>\n\n\n\n<div class=\"wp-block-media-text alignwide is-stacked-on-mobile\"><figure class=\"wp-block-media-text__media\"><img decoding=\"async\" loading=\"lazy\" width=\"150\" height=\"150\" src=\"https:\/\/magnottdevlab.net\/alpesmaritimes\/wp-content\/uploads\/2023\/07\/9782307111320_internet_w290-150x150.jpg\" alt=\"\" class=\"wp-image-126 size-thumbnail\" srcset=\"https:\/\/magnottdevlab.net\/alpesmaritimes\/wp-content\/uploads\/2023\/07\/9782307111320_internet_w290-150x150.jpg 150w, https:\/\/magnottdevlab.net\/alpesmaritimes\/wp-content\/uploads\/2023\/07\/9782307111320_internet_w290-75x75.jpg 75w\" sizes=\"(max-width: 150px) 100vw, 150px\" \/><\/figure><div class=\"wp-block-media-text__content\">\n<p>D\u00e9couvrez les origines et l&rsquo;\u00e9volution du d\u00e9partement des Alpes-Maritimes au fil des si\u00e8cles, des anecdotes fascinantes aux \u00e9v\u00e9nements marquants.\u00a0<\/p>\n\n\n\n<p>Le D\u00e9partement des Alpes-Maritimes a \u00e9t\u00e9 cr\u00e9\u00e9 en 1793 apr\u00e8s la conqu\u00eate du Comt\u00e9 de Nice par les arm\u00e9es de la Premi\u00e8re R\u00e9publique. Il est supprim\u00e9 en 1814 avec le retour du Comt\u00e9 de Nice au royaume de Sardaigne. Le trait\u00e9 conclu en 1860 entre Napol\u00e9on III et Cavour organise la cession du Comt\u00e9 de Nice \u00e0 la France.<br><br><\/p>\n\n\n\n<div class=\"wp-block-buttons is-layout-flex\">\n<div class=\"wp-block-button\"><a class=\"wp-block-button__link wp-element-button\" href=\"https:\/\/journals.openedition.org\/cdlm\/4376#:~:text=Le%20D%C3%A9partement%20des%20Alpes%2DMaritimes,de%20Nice%20%C3%A0%20la%20France.\" target=\"_blank\" rel=\"noreferrer noopener\">Histoire des Alpes-Maritimes<\/a><\/div>\n<\/div>\n<\/div><\/div>\n\n\n\n<div style=\"height:100px\" aria-hidden=\"true\" class=\"wp-block-spacer\"><\/div>\n\n\n\n<p style=\"font-size:25px\"><strong>Patrimoine incontournable :&nbsp;<\/strong><\/p>\n\n\n\n<div style=\"height:100px\" aria-hidden=\"true\" class=\"wp-block-spacer\"><\/div>\n\n\n\n<div class=\"wp-block-media-text alignwide has-media-on-the-right is-stacked-on-mobile\"><div class=\"wp-block-media-text__content\">\n<p>Explorez les tr\u00e9sors patrimoniaux des Alpes-Maritimes, des ch\u00e2teaux m\u00e9di\u00e9vaux aux \u00e9glises remarquables, en passant par les sites arch\u00e9ologiques.\u00a0<\/p>\n\n\n\n<div class=\"wp-block-buttons is-layout-flex\">\n<div class=\"wp-block-button\"><a class=\"wp-block-button__link wp-element-button\" href=\"https:\/\/www.tourisme-en-france.com\/fr\/tourisme-france\/patrimoine-chateau-fort-manoir-palais-demeure-fortifiee-tour-fortifications-donjon-vestiges-ruines-moyen-age-citadelle-medieval-departement-alpes-maritimes\/68?page=1\" target=\"_blank\" rel=\"noreferrer noopener\">Visitez les ch\u00e2teaux et monuments historiques<\/a><\/div>\n<\/div>\n<\/div><figure class=\"wp-block-media-text__media\"><img decoding=\"async\" loading=\"lazy\" width=\"1024\" height=\"756\" src=\"https:\/\/magnottdevlab.net\/alpesmaritimes\/wp-content\/uploads\/2023\/07\/1280px-Chateau_de_la_Napoule_2014-1024x756.jpeg\" alt=\"\" class=\"wp-image-128 size-full\" srcset=\"https:\/\/magnottdevlab.net\/alpesmaritimes\/wp-content\/uploads\/2023\/07\/1280px-Chateau_de_la_Napoule_2014-1024x756.jpeg 1024w, https:\/\/magnottdevlab.net\/alpesmaritimes\/wp-content\/uploads\/2023\/07\/1280px-Chateau_de_la_Napoule_2014-300x221.jpeg 300w, https:\/\/magnottdevlab.net\/alpesmaritimes\/wp-content\/uploads\/2023\/07\/1280px-Chateau_de_la_Napoule_2014-768x567.jpeg 768w, https:\/\/magnottdevlab.net\/alpesmaritimes\/wp-content\/uploads\/2023\/07\/1280px-Chateau_de_la_Napoule_2014-1140x842.jpeg 1140w, https:\/\/magnottdevlab.net\/alpesmaritimes\/wp-content\/uploads\/2023\/07\/1280px-Chateau_de_la_Napoule_2014.jpeg 1280w\" sizes=\"(max-width: 1024px) 100vw, 1024px\" \/><\/figure><\/div>\n\n\n\n<div style=\"height:100px\" aria-hidden=\"true\" class=\"wp-block-spacer\"><\/div>\n\n\n\n<p style=\"font-size:25px\"><strong>Art et Cr\u00e9ativit\u00e9 :<\/strong>&nbsp;<\/p>\n\n\n\n<div style=\"height:100px\" aria-hidden=\"true\" class=\"wp-block-spacer\"><\/div>\n\n\n\n<div class=\"wp-block-media-text alignwide is-stacked-on-mobile\"><figure class=\"wp-block-media-text__media\"><img decoding=\"async\" loading=\"lazy\" width=\"1024\" height=\"756\" src=\"https:\/\/magnottdevlab.net\/alpesmaritimes\/wp-content\/uploads\/2023\/07\/auguste-renoir-le-dejeuner-des-canotiers-1881-1024x756.jpg\" alt=\"\" class=\"wp-image-130 size-full\" srcset=\"https:\/\/magnottdevlab.net\/alpesmaritimes\/wp-content\/uploads\/2023\/07\/auguste-renoir-le-dejeuner-des-canotiers-1881-1024x756.jpg 1024w, https:\/\/magnottdevlab.net\/alpesmaritimes\/wp-content\/uploads\/2023\/07\/auguste-renoir-le-dejeuner-des-canotiers-1881-300x221.jpg 300w, https:\/\/magnottdevlab.net\/alpesmaritimes\/wp-content\/uploads\/2023\/07\/auguste-renoir-le-dejeuner-des-canotiers-1881-768x567.jpg 768w, https:\/\/magnottdevlab.net\/alpesmaritimes\/wp-content\/uploads\/2023\/07\/auguste-renoir-le-dejeuner-des-canotiers-1881-1140x842.jpg 1140w, https:\/\/magnottdevlab.net\/alpesmaritimes\/wp-content\/uploads\/2023\/07\/auguste-renoir-le-dejeuner-des-canotiers-1881.jpg 1280w\" sizes=\"(max-width: 1024px) 100vw, 1024px\" \/><\/figure><div class=\"wp-block-media-text__content\">\n<p>Immergez-vous dans la vie artistique des Alpes-maritimes, berceau d&rsquo;artistes talentueux et terre d&rsquo;inspiration pour les cr\u00e9ateurs contemporains.\u00a0<\/p>\n\n\n\n<p><\/p>\n\n\n\n<div class=\"wp-block-buttons is-layout-flex\">\n<div class=\"wp-block-button\"><a class=\"wp-block-button__link wp-element-button\" href=\"https:\/\/www.museemusee.com\/les-musees-de-france-par-departement\/alpes-maritimes-06.html\" target=\"_blank\" rel=\"noreferrer noopener\">Visitez les mus\u00e9es des Alpes-Maritimes<\/a><\/div>\n<\/div>\n<\/div><\/div>\n\n\n\n<div style=\"height:100px\" aria-hidden=\"true\" class=\"wp-block-spacer\"><\/div>\n\n\n\n<p style=\"font-size:25px\"><strong>Liens externes utiles :&nbsp;<\/strong><\/p>\n\n\n\n<div style=\"height:100px\" aria-hidden=\"true\" class=\"wp-block-spacer\"><\/div>\n\n\n\n<p><strong>D\u00e9partement des Alpes-Maritimes :<\/strong> <a href=\"https:\/\/www.departement06.fr\/envie-d-alpes-maritimes\/decouverte-touristique-1937.html\" data-type=\"URL\" data-id=\"https:\/\/www.departement06.fr\/envie-d-alpes-maritimes\/decouverte-touristique-1937.html\" target=\"_blank\" rel=\"noreferrer noopener\">https:\/\/www.departement06.fr\/envie-d-alpes-maritimes\/decouverte-touristique-1937.html<\/a><\/p>\n\n\n\n<p><strong>Mus\u00e9es du 06<\/strong> : Explorez les collections d&rsquo;art et les expositions temporaires qui mettent en valeur le patrimoine culturel du 06.&nbsp;<a rel=\"noreferrer noopener\" href=\"https:\/\/www.departement06.fr\/carrefour-des-cultures\/les-musees-des-alpes-maritimes-2506.html\" data-type=\"URL\" data-id=\"https:\/\/www.departement06.fr\/carrefour-des-cultures\/les-musees-des-alpes-maritimes-2506.html\" target=\"_blank\">https:\/\/www.departement06.fr\/carrefour-des-cultures\/les-musees-des-alpes-maritimes-2506.html<\/a><\/p>\n\n\n\n<p><strong>Archives D\u00e9partementales du 06 : <\/strong>Plongez dans les archives historiques pour mieux comprendre l&rsquo;\u00e9volution du d\u00e9partement au fil des si\u00e8cles.<a href=\"https:\/\/www.departement06.fr\/archives-departementales\/outils-de-recherche-et-archives-numerisees-2895.html\" data-type=\"URL\" data-id=\"https:\/\/www.departement06.fr\/archives-departementales\/outils-de-recherche-et-archives-numerisees-2895.html\" target=\"_blank\" rel=\"noreferrer noopener\">&nbsp;https:\/\/www.departement06.fr\/archives-departementales\/outils-de-recherche-et-archives-numerisees-2895.html<\/a><\/p>\n\n\n\n<p><\/p>\n\n\n\n<div style=\"height:100px\" aria-hidden=\"true\" class=\"wp-block-spacer\"><\/div>\n\n\n\n<p><strong>Les Alpes-Maritimes vous ouvrent les portes d&rsquo;un pass\u00e9 riche et d&rsquo;une culture vibrante qui ne demandent qu&rsquo;\u00e0 \u00eatre explor\u00e9s. Plongez dans cette exp\u00e9rience unique et laissez-vous envo\u00fbter par la magie de notre d\u00e9partement.&nbsp;<\/strong><\/p>\n\n\n\n<p><\/p>\n\n\n\n<p><\/p>\n","protected":false},"excerpt":{"rendered":"<p>D\u00e9couvrez les Alpes-Maritimes, son histoire et son patrimoine sous toutes ses facettes, plongez dans son pass\u00e9 fascinant, explorez ses tr\u00e9sors patrimoniaux et vibrez au rythme de son effervescence artistique. Cette section vous offre une perspective compl\u00e8te de l&rsquo;histoire et de la richesse culturelle de notre d\u00e9partement.&nbsp; Histoire du 06 :&nbsp; Patrimoine incontournable :&nbsp; Art et Cr\u00e9ativit\u00e9 :&nbsp; Liens externes utiles :&nbsp; D\u00e9partement des Alpes-Maritimes : https:\/\/www.departement06.fr\/envie-d-alpes-maritimes\/decouverte-touristique-1937.html Mus\u00e9es du 06 : Explorez les collections d&rsquo;art et les expositions temporaires qui mettent en valeur le patrimoine culturel du 06.&nbsp;https:\/\/www.departement06.fr\/carrefour-des-cultures\/les-musees-des-alpes-maritimes-2506.html Archives D\u00e9partementales du 06 : Plongez dans les archives historiques pour mieux comprendre l&rsquo;\u00e9volution du d\u00e9partement au fil des si\u00e8cles.&nbsp;https:\/\/www.departement06.fr\/archives-departementales\/outils-de-recherche-et-archives-numerisees-2895.html Les Alpes-Maritimes vous ouvrent les portes d&rsquo;un pass\u00e9 riche et d&rsquo;une culture vibrante qui ne demandent qu&rsquo;\u00e0 \u00eatre explor\u00e9s. Plongez dans cette exp\u00e9rience unique et laissez-vous envo\u00fbter par la magie de notre d\u00e9partement.&nbsp;<\/p>\n","protected":false},"author":1,"featured_media":0,"parent":0,"menu_order":0,"comment_status":"closed","ping_status":"closed","template":"","meta":[],"_links":{"self":[{"href":"https:\/\/magnottdevlab.net\/alpesmaritimes\/index.php\/wp-json\/wp\/v2\/pages\/9"}],"collection":[{"href":"https:\/\/magnottdevlab.net\/alpesmaritimes\/index.php\/wp-json\/wp\/v2\/pages"}],"about":[{"href":"https:\/\/magnottdevlab.net\/alpesmaritimes\/index.php\/wp-json\/wp\/v2\/types\/page"}],"author":[{"embeddable":true,"href":"https:\/\/magnottdevlab.net\/alpesmaritimes\/index.php\/wp-json\/wp\/v2\/users\/1"}],"replies":[{"embeddable":true,"href":"https:\/\/magnottdevlab.net\/alpesmaritimes\/index.php\/wp-json\/wp\/v2\/comments?post=9"}],"version-history":[{"count":15,"href":"https:\/\/magnottdevlab.net\/alpesmaritimes\/index.php\/wp-json\/wp\/v2\/pages\/9\/revisions"}],"predecessor-version":[{"id":186,"href":"https:\/\/magnottdevlab.net\/alpesmaritimes\/index.php\/wp-json\/wp\/v2\/pages\/9\/revisions\/186"}],"wp:attachment":[{"href":"https:\/\/magnottdevlab.net\/alpesmaritimes\/index.php\/wp-json\/wp\/v2\/media?parent=9"}],"curies":[{"name":"wp","href":"https:\/\/api.w.org\/{rel}","templated":true}]}}